{"id":327,"date":"2023-05-02T12:47:39","date_gmt":"2023-05-02T12:47:39","guid":{"rendered":"http:\/\/menschendecuba.de\/blog-copy\/"},"modified":"2026-01-21T15:29:13","modified_gmt":"2026-01-21T15:29:13","slug":"informationen","status":"publish","type":"page","link":"https:\/\/menschendecuba.de\/es\/informationen\/","title":{"rendered":"Informaci\u00f3n"},"content":{"rendered":"<div data-elementor-type=\"wp-page\" data-elementor-id=\"327\" class=\"elementor elementor-327\" data-elementor-post-type=\"page\">\n\t\t\t\t\t\t<section class=\"elementor-section elementor-top-section elementor-element elementor-element-613ed4e7 elementor-section-boxed elementor-section-height-default elementor-section-height-default\" data-id=\"613ed4e7\" data-element_type=\"section\" data-e-type=\"section\">\n\t\t\t\t\t\t<div class=\"elementor-container elementor-column-gap-default\">\n\t\t\t\t\t<div class=\"elementor-column elementor-col-100 elementor-top-column elementor-element elementor-element-d57fcb3\" data-id=\"d57fcb3\" data-element_type=\"column\" data-e-type=\"column\">\n\t\t\t<div class=\"elementor-widget-wrap elementor-element-populated\">\n\t\t\t\t\t\t<div class=\"elementor-element elementor-element-13a4ce2c elementor-widget elementor-widget-heading\" data-id=\"13a4ce2c\" data-element_type=\"widget\" data-e-type=\"widget\" data-widget_type=\"heading.default\">\n\t\t\t\t<div class=\"elementor-widget-container\">\n\t\t\t\t\t<h1 class=\"elementor-heading-title elementor-size-default\">Informaci\u00f3n<\/h1>\t\t\t\t<\/div>\n\t\t\t\t<\/div>\n\t\t\t\t<div class=\"elementor-element elementor-element-6363965 elementor-widget elementor-widget-text-editor\" data-id=\"6363965\" data-element_type=\"widget\" data-e-type=\"widget\" data-widget_type=\"text-editor.default\">\n\t\t\t\t<div class=\"elementor-widget-container\">\n\t\t\t\t\t\t\t\t\t<p>Aqu\u00ed puede ver un resumen de todas las informaciones de relevancia sobre nuestra Asociaci\u00f3n.<\/p>\t\t\t\t\t\t\t\t<\/div>\n\t\t\t\t<\/div>\n\t\t\t\t<section class=\"elementor-section elementor-inner-section elementor-element elementor-element-ca77c9e elementor-section-boxed elementor-section-height-default elementor-section-height-default\" data-id=\"ca77c9e\" data-element_type=\"section\" data-e-type=\"section\">\n\t\t\t\t\t\t<div class=\"elementor-container elementor-column-gap-default\">\n\t\t\t\t\t<div class=\"elementor-column elementor-col-33 elementor-inner-column elementor-element elementor-element-6d04811\" data-id=\"6d04811\" data-element_type=\"column\" data-e-type=\"column\">\n\t\t\t<div class=\"elementor-widget-wrap elementor-element-populated\">\n\t\t\t\t\t\t<div class=\"elementor-element elementor-element-cbbf28c elementor-position-top elementor-widget elementor-widget-image-box\" data-id=\"cbbf28c\" data-element_type=\"widget\" data-e-type=\"widget\" data-widget_type=\"image-box.default\">\n\t\t\t\t<div class=\"elementor-widget-container\">\n\t\t\t\t\t<div class=\"elementor-image-box-wrapper\"><figure class=\"elementor-image-box-img\"><img fetchpriority=\"high\" decoding=\"async\" width=\"2000\" height=\"1335\" src=\"https:\/\/menschendecuba.de\/wp-content\/uploads\/2023\/05\/IMG-20230318-WA0035-e1683273597356.jpg\" class=\"attachment-full size-full wp-image-548\" alt=\"\" style=\"width:100%;height:66.75%;max-width:2000px\" srcset=\"https:\/\/menschendecuba.de\/wp-content\/uploads\/2023\/05\/IMG-20230318-WA0035-e1683273597356.jpg 2000w, https:\/\/menschendecuba.de\/wp-content\/uploads\/2023\/05\/IMG-20230318-WA0035-e1683273597356-300x200.jpg 300w, https:\/\/menschendecuba.de\/wp-content\/uploads\/2023\/05\/IMG-20230318-WA0035-e1683273597356-1024x684.jpg 1024w, https:\/\/menschendecuba.de\/wp-content\/uploads\/2023\/05\/IMG-20230318-WA0035-e1683273597356-768x513.jpg 768w, https:\/\/menschendecuba.de\/wp-content\/uploads\/2023\/05\/IMG-20230318-WA0035-e1683273597356-1536x1025.jpg 1536w, https:\/\/menschendecuba.de\/wp-content\/uploads\/2023\/05\/IMG-20230318-WA0035-e1683273597356-1568x1047.jpg 1568w\" sizes=\"(max-width: 2000px) 100vw, 2000px\" \/><\/figure><div class=\"elementor-image-box-content\"><h3 class=\"elementor-image-box-title\">Breve introducci\u00f3n<\/h3><p class=\"elementor-image-box-description\">Con esta breve presentaci\u00f3n de la Asociaci\u00f3n de Ciudadanos Cubanos en Alemania por la Democracia y los Derechos Humanos: \"MenschenDeCuba\" e.V., queremos familiarizarte con los m\u00e1s importantes datos de la asociaci\u00f3n. Ven a conocernos, \u00a1nos alegraremos!<\/p><\/div><\/div>\t\t\t\t<\/div>\n\t\t\t\t<\/div>\n\t\t\t\t<div class=\"elementor-element elementor-element-9dd9e74 elementor-widget elementor-widget-button\" data-id=\"9dd9e74\" data-element_type=\"widget\" data-e-type=\"widget\" data-widget_type=\"button.default\">\n\t\t\t\t<div class=\"elementor-widget-container\">\n\t\t\t\t\t\t\t\t\t<div class=\"elementor-button-wrapper\">\n\t\t\t\t\t<a class=\"elementor-button elementor-button-link elementor-size-sm\" href=\"http:\/\/menschendecuba.de\/wp-content\/uploads\/2023\/04\/20221212_Kurzvorstellung-des-Vereins-MenschenDeCuba-1-1.pdf\" target=\"_blank\">\n\t\t\t\t\t\t<span class=\"elementor-button-content-wrapper\">\n\t\t\t\t\t\t\t\t\t<span class=\"elementor-button-text\">Ver<\/span>\n\t\t\t\t\t<\/span>\n\t\t\t\t\t<\/a>\n\t\t\t\t<\/div>\n\t\t\t\t\t\t\t\t<\/div>\n\t\t\t\t<\/div>\n\t\t\t\t\t<\/div>\n\t\t<\/div>\n\t\t\t\t<div class=\"elementor-column elementor-col-33 elementor-inner-column elementor-element elementor-element-cbe17b8\" data-id=\"cbe17b8\" data-element_type=\"column\" data-e-type=\"column\">\n\t\t\t<div class=\"elementor-widget-wrap elementor-element-populated\">\n\t\t\t\t\t\t<div class=\"elementor-element elementor-element-42f54bd elementor-position-top elementor-widget elementor-widget-image-box\" data-id=\"42f54bd\" data-element_type=\"widget\" data-e-type=\"widget\" data-widget_type=\"image-box.default\">\n\t\t\t\t<div class=\"elementor-widget-container\">\n\t\t\t\t\t<div class=\"elementor-image-box-wrapper\"><figure class=\"elementor-image-box-img\"><img decoding=\"async\" width=\"1076\" height=\"707\" src=\"https:\/\/menschendecuba.de\/wp-content\/uploads\/2023\/05\/Bild-Satzung_MenschenDeCuba-e1683273677206.png\" class=\"attachment-full size-full wp-image-637\" alt=\"\" style=\"width:100%;height:65.71%;max-width:1076px\" srcset=\"https:\/\/menschendecuba.de\/wp-content\/uploads\/2023\/05\/Bild-Satzung_MenschenDeCuba-e1683273677206.png 1076w, https:\/\/menschendecuba.de\/wp-content\/uploads\/2023\/05\/Bild-Satzung_MenschenDeCuba-e1683273677206-300x197.png 300w, https:\/\/menschendecuba.de\/wp-content\/uploads\/2023\/05\/Bild-Satzung_MenschenDeCuba-e1683273677206-1024x673.png 1024w, https:\/\/menschendecuba.de\/wp-content\/uploads\/2023\/05\/Bild-Satzung_MenschenDeCuba-e1683273677206-768x505.png 768w\" sizes=\"(max-width: 1076px) 100vw, 1076px\" \/><\/figure><div class=\"elementor-image-box-content\"><h3 class=\"elementor-image-box-title\">Estatutos<\/h3><p class=\"elementor-image-box-description\">Los Estatutos representan el coraz\u00f3n de la Asociaci\u00f3n MenschenDeCuba e.V. y son, pr\u00e1cticamente, su constituci\u00f3n. En nuestros Estatutos se recogen los requisitos exigidos por la ley. Los Estatutos son, por tanto, el documento jur\u00eddico central de la Asociaci\u00f3n, donde se establecen determinadas normas b\u00e1sicas y se fija la forma en que debe funcionar el trabajo de nuestra Asociaci\u00f3n.\n<\/p><\/div><\/div>\t\t\t\t<\/div>\n\t\t\t\t<\/div>\n\t\t\t\t<div class=\"elementor-element elementor-element-b60f340 elementor-widget elementor-widget-button\" data-id=\"b60f340\" data-element_type=\"widget\" data-e-type=\"widget\" data-widget_type=\"button.default\">\n\t\t\t\t<div class=\"elementor-widget-container\">\n\t\t\t\t\t\t\t\t\t<div class=\"elementor-button-wrapper\">\n\t\t\t\t\t<a class=\"elementor-button elementor-button-link elementor-size-sm\" href=\"http:\/\/menschendecuba.de\/wp-content\/uploads\/2023\/04\/20221127_Satzung_MenschenDeCuba_Mit-Changelog_DE-ES.pdf\" target=\"_blank\">\n\t\t\t\t\t\t<span class=\"elementor-button-content-wrapper\">\n\t\t\t\t\t\t\t\t\t<span class=\"elementor-button-text\">Ver<\/span>\n\t\t\t\t\t<\/span>\n\t\t\t\t\t<\/a>\n\t\t\t\t<\/div>\n\t\t\t\t\t\t\t\t<\/div>\n\t\t\t\t<\/div>\n\t\t\t\t\t<\/div>\n\t\t<\/div>\n\t\t\t\t<div class=\"elementor-column elementor-col-33 elementor-inner-column elementor-element elementor-element-48b4d86\" data-id=\"48b4d86\" data-element_type=\"column\" data-e-type=\"column\">\n\t\t\t<div class=\"elementor-widget-wrap elementor-element-populated\">\n\t\t\t\t\t\t<div class=\"elementor-element elementor-element-82cf06f elementor-position-top elementor-widget elementor-widget-image-box\" data-id=\"82cf06f\" data-element_type=\"widget\" data-e-type=\"widget\" data-widget_type=\"image-box.default\">\n\t\t\t\t<div class=\"elementor-widget-container\">\n\t\t\t\t\t<div class=\"elementor-image-box-wrapper\"><figure class=\"elementor-image-box-img\"><img decoding=\"async\" width=\"795\" height=\"530\" src=\"https:\/\/menschendecuba.de\/wp-content\/uploads\/2023\/05\/Bild-Geschaeftsordnung_MenschenDeCuba.png\" class=\"attachment-full size-full wp-image-636\" alt=\"\" style=\"width:100%;height:66.67%;max-width:795px\" srcset=\"https:\/\/menschendecuba.de\/wp-content\/uploads\/2023\/05\/Bild-Geschaeftsordnung_MenschenDeCuba.png 795w, https:\/\/menschendecuba.de\/wp-content\/uploads\/2023\/05\/Bild-Geschaeftsordnung_MenschenDeCuba-300x200.png 300w, https:\/\/menschendecuba.de\/wp-content\/uploads\/2023\/05\/Bild-Geschaeftsordnung_MenschenDeCuba-768x512.png 768w\" sizes=\"(max-width: 795px) 100vw, 795px\" \/><\/figure><div class=\"elementor-image-box-content\"><h3 class=\"elementor-image-box-title\">Reglamento interno<\/h3><p class=\"elementor-image-box-description\">Adem\u00e1s de los estatutos, nuestra asociaci\u00f3n cuenta con un reglamento interno. El reglamento interno explica los principios b\u00e1sicos y las normas de los estatutos y los traduce en reglas y procedimientos concretos. El objetivo del reglamento interno es aplicar normas uniformes que regulen la vida de la asociaci\u00f3n. <\/p><\/div><\/div>\t\t\t\t<\/div>\n\t\t\t\t<\/div>\n\t\t\t\t<div class=\"elementor-element elementor-element-5a2bfbe elementor-widget elementor-widget-button\" data-id=\"5a2bfbe\" data-element_type=\"widget\" data-e-type=\"widget\" data-widget_type=\"button.default\">\n\t\t\t\t<div class=\"elementor-widget-container\">\n\t\t\t\t\t\t\t\t\t<div class=\"elementor-button-wrapper\">\n\t\t\t\t\t<a class=\"elementor-button elementor-button-link elementor-size-sm\" href=\"http:\/\/menschendecuba.de\/wp-content\/uploads\/2023\/04\/20220816_Geschaeftsordnung_MenschenDeCuba_DE-ES.pdf\" target=\"_blank\">\n\t\t\t\t\t\t<span class=\"elementor-button-content-wrapper\">\n\t\t\t\t\t\t\t\t\t<span class=\"elementor-button-text\">Ver<\/span>\n\t\t\t\t\t<\/span>\n\t\t\t\t\t<\/a>\n\t\t\t\t<\/div>\n\t\t\t\t\t\t\t\t<\/div>\n\t\t\t\t<\/div>\n\t\t\t\t\t<\/div>\n\t\t<\/div>\n\t\t\t\t\t<\/div>\n\t\t<\/section>\n\t\t\t\t<section class=\"elementor-section elementor-inner-section elementor-element elementor-element-b4bf6b0 elementor-section-boxed elementor-section-height-default elementor-section-height-default\" data-id=\"b4bf6b0\" data-element_type=\"section\" data-e-type=\"section\">\n\t\t\t\t\t\t<div class=\"elementor-container elementor-column-gap-default\">\n\t\t\t\t\t<div class=\"elementor-column elementor-col-33 elementor-inner-column elementor-element elementor-element-3232f19\" data-id=\"3232f19\" data-element_type=\"column\" data-e-type=\"column\">\n\t\t\t<div class=\"elementor-widget-wrap elementor-element-populated\">\n\t\t\t\t\t\t<div class=\"elementor-element elementor-element-7549a5e elementor-position-top elementor-widget elementor-widget-image-box\" data-id=\"7549a5e\" data-element_type=\"widget\" data-e-type=\"widget\" data-widget_type=\"image-box.default\">\n\t\t\t\t<div class=\"elementor-widget-container\">\n\t\t\t\t\t<div class=\"elementor-image-box-wrapper\"><figure class=\"elementor-image-box-img\"><img loading=\"lazy\" decoding=\"async\" width=\"2003\" height=\"1337\" src=\"https:\/\/menschendecuba.de\/wp-content\/uploads\/2023\/04\/ricardo-iv-tamayo-Fc-K7_oGNBE-unsplash-scaled-e1684650147359.jpg\" class=\"attachment-full size-full wp-image-147\" alt=\"\" style=\"width:100%;height:66.75%;max-width:2003px\" srcset=\"https:\/\/menschendecuba.de\/wp-content\/uploads\/2023\/04\/ricardo-iv-tamayo-Fc-K7_oGNBE-unsplash-scaled-e1684650147359.jpg 2003w, https:\/\/menschendecuba.de\/wp-content\/uploads\/2023\/04\/ricardo-iv-tamayo-Fc-K7_oGNBE-unsplash-scaled-e1684650147359-300x200.jpg 300w, https:\/\/menschendecuba.de\/wp-content\/uploads\/2023\/04\/ricardo-iv-tamayo-Fc-K7_oGNBE-unsplash-scaled-e1684650147359-1024x684.jpg 1024w, https:\/\/menschendecuba.de\/wp-content\/uploads\/2023\/04\/ricardo-iv-tamayo-Fc-K7_oGNBE-unsplash-scaled-e1684650147359-768x513.jpg 768w, https:\/\/menschendecuba.de\/wp-content\/uploads\/2023\/04\/ricardo-iv-tamayo-Fc-K7_oGNBE-unsplash-scaled-e1684650147359-1536x1025.jpg 1536w, https:\/\/menschendecuba.de\/wp-content\/uploads\/2023\/04\/ricardo-iv-tamayo-Fc-K7_oGNBE-unsplash-scaled-e1684650147359-1568x1047.jpg 1568w\" sizes=\"(max-width: 2003px) 100vw, 2003px\" \/><\/figure><div class=\"elementor-image-box-content\"><h3 class=\"elementor-image-box-title\">Informe Anual 2022<\/h3><p class=\"elementor-image-box-description\">Nace una asociaci\u00f3n: Con la reuni\u00f3n fundacional del 15.10.2022 comenz\u00f3 nuestro trabajo como junta directiva de la Asociaci\u00f3n de Ciudadanos Cubanos en Alemania por la Democracia y los Derechos Humanos: \"MenschenDeCuba\" e.V.\n<\/p><\/div><\/div>\t\t\t\t<\/div>\n\t\t\t\t<\/div>\n\t\t\t\t<div class=\"elementor-element elementor-element-a21ccdc elementor-widget elementor-widget-button\" data-id=\"a21ccdc\" data-element_type=\"widget\" data-e-type=\"widget\" data-widget_type=\"button.default\">\n\t\t\t\t<div class=\"elementor-widget-container\">\n\t\t\t\t\t\t\t\t\t<div class=\"elementor-button-wrapper\">\n\t\t\t\t\t<a class=\"elementor-button elementor-button-link elementor-size-sm\" href=\"http:\/\/menschendecuba.de\/wp-content\/uploads\/2023\/05\/20230213_Jahresbericht_MenschenDeCuba_2022.pdf\" target=\"_blank\">\n\t\t\t\t\t\t<span class=\"elementor-button-content-wrapper\">\n\t\t\t\t\t\t\t\t\t<span class=\"elementor-button-text\">Ver<\/span>\n\t\t\t\t\t<\/span>\n\t\t\t\t\t<\/a>\n\t\t\t\t<\/div>\n\t\t\t\t\t\t\t\t<\/div>\n\t\t\t\t<\/div>\n\t\t\t\t\t<\/div>\n\t\t<\/div>\n\t\t\t\t<div class=\"elementor-column elementor-col-33 elementor-inner-column elementor-element elementor-element-187deed\" data-id=\"187deed\" data-element_type=\"column\" data-e-type=\"column\">\n\t\t\t<div class=\"elementor-widget-wrap elementor-element-populated\">\n\t\t\t\t\t\t<div class=\"elementor-element elementor-element-7287632 elementor-position-top elementor-widget elementor-widget-image-box\" data-id=\"7287632\" data-element_type=\"widget\" data-e-type=\"widget\" data-widget_type=\"image-box.default\">\n\t\t\t\t<div class=\"elementor-widget-container\">\n\t\t\t\t\t<div class=\"elementor-image-box-wrapper\"><figure class=\"elementor-image-box-img\"><img loading=\"lazy\" decoding=\"async\" width=\"2003\" height=\"1337\" src=\"https:\/\/menschendecuba.de\/wp-content\/uploads\/2023\/05\/PXL_20230415_151832639-scaled-e1684649960979.jpg\" class=\"attachment-full size-full wp-image-1155\" alt=\"\" style=\"width:100%;height:66.75%;max-width:2003px\" srcset=\"https:\/\/menschendecuba.de\/wp-content\/uploads\/2023\/05\/PXL_20230415_151832639-scaled-e1684649960979.jpg 2003w, https:\/\/menschendecuba.de\/wp-content\/uploads\/2023\/05\/PXL_20230415_151832639-scaled-e1684649960979-300x200.jpg 300w, https:\/\/menschendecuba.de\/wp-content\/uploads\/2023\/05\/PXL_20230415_151832639-scaled-e1684649960979-1024x684.jpg 1024w, https:\/\/menschendecuba.de\/wp-content\/uploads\/2023\/05\/PXL_20230415_151832639-scaled-e1684649960979-768x513.jpg 768w, https:\/\/menschendecuba.de\/wp-content\/uploads\/2023\/05\/PXL_20230415_151832639-scaled-e1684649960979-1536x1025.jpg 1536w, https:\/\/menschendecuba.de\/wp-content\/uploads\/2023\/05\/PXL_20230415_151832639-scaled-e1684649960979-1568x1047.jpg 1568w\" sizes=\"(max-width: 2003px) 100vw, 2003px\" \/><\/figure><div class=\"elementor-image-box-content\"><h3 class=\"elementor-image-box-title\">Declaraci\u00f3n de Dresde<\/h3><p class=\"elementor-image-box-description\">Las Asociaciones DeCub e.V., MenschenDeCuba e.V. y PatriaYVida e.V., organizaciones de la sociedad civil germano-cubana, firmaron conjuntamente la \"Declaraci\u00f3n de Dresde sobre la Comunidad de Valores de la Sociedad Civil\" el 15 de abril de 2023. Con ello, las organizaciones quieren fortalecer su cooperaci\u00f3n y, sobre todo, dar voz a los perseguidos pol\u00edticos y presos en Cuba uniendo sus fuerzas.\n<\/p><\/div><\/div>\t\t\t\t<\/div>\n\t\t\t\t<\/div>\n\t\t\t\t<div class=\"elementor-element elementor-element-e7267d1 elementor-widget elementor-widget-button\" data-id=\"e7267d1\" data-element_type=\"widget\" data-e-type=\"widget\" data-widget_type=\"button.default\">\n\t\t\t\t<div class=\"elementor-widget-container\">\n\t\t\t\t\t\t\t\t\t<div class=\"elementor-button-wrapper\">\n\t\t\t\t\t<a class=\"elementor-button elementor-button-link elementor-size-sm\" href=\"http:\/\/menschendecuba.de\/wp-content\/uploads\/2023\/05\/20230415_Dresdner-Erklaerung-zur-gemeinsamen-Werte-Homepage.pdf\" target=\"_blank\">\n\t\t\t\t\t\t<span class=\"elementor-button-content-wrapper\">\n\t\t\t\t\t\t\t\t\t<span class=\"elementor-button-text\">Ver<\/span>\n\t\t\t\t\t<\/span>\n\t\t\t\t\t<\/a>\n\t\t\t\t<\/div>\n\t\t\t\t\t\t\t\t<\/div>\n\t\t\t\t<\/div>\n\t\t\t\t\t<\/div>\n\t\t<\/div>\n\t\t\t\t<div class=\"elementor-column elementor-col-33 elementor-inner-column elementor-element elementor-element-0703914\" data-id=\"0703914\" data-element_type=\"column\" data-e-type=\"column\">\n\t\t\t<div class=\"elementor-widget-wrap elementor-element-populated\">\n\t\t\t\t\t\t<div class=\"elementor-element elementor-element-f8f6848 elementor-position-top elementor-widget elementor-widget-image-box\" data-id=\"f8f6848\" data-element_type=\"widget\" data-e-type=\"widget\" data-widget_type=\"image-box.default\">\n\t\t\t\t<div class=\"elementor-widget-container\">\n\t\t\t\t\t<div class=\"elementor-image-box-wrapper\"><figure class=\"elementor-image-box-img\"><img loading=\"lazy\" decoding=\"async\" width=\"2560\" height=\"1152\" src=\"https:\/\/menschendecuba.de\/wp-content\/uploads\/2023\/05\/20230318_144603-1-scaled.jpeg\" class=\"attachment-full size-full wp-image-1143\" alt=\"\" style=\"width:100%;height:45%;max-width:2560px\" srcset=\"https:\/\/menschendecuba.de\/wp-content\/uploads\/2023\/05\/20230318_144603-1-scaled.jpeg 2560w, https:\/\/menschendecuba.de\/wp-content\/uploads\/2023\/05\/20230318_144603-1-300x135.jpeg 300w, https:\/\/menschendecuba.de\/wp-content\/uploads\/2023\/05\/20230318_144603-1-1024x461.jpeg 1024w, https:\/\/menschendecuba.de\/wp-content\/uploads\/2023\/05\/20230318_144603-1-768x346.jpeg 768w, https:\/\/menschendecuba.de\/wp-content\/uploads\/2023\/05\/20230318_144603-1-1536x691.jpeg 1536w, https:\/\/menschendecuba.de\/wp-content\/uploads\/2023\/05\/20230318_144603-1-2048x922.jpeg 2048w, https:\/\/menschendecuba.de\/wp-content\/uploads\/2023\/05\/20230318_144603-1-1568x706.jpeg 1568w\" sizes=\"(max-width: 2560px) 100vw, 2560px\" \/><\/figure><div class=\"elementor-image-box-content\"><h3 class=\"elementor-image-box-title\">Informe anual 2023<\/h3><p class=\"elementor-image-box-description\">El primer a\u00f1o de MenschenDecuba e.V. ha estado lleno de acontecimientos. Adem\u00e1s de las numerosas manifestaciones y encuentros, pudimos establecer contactos con personas maravillosas. Nuestra primera asamblea de miembros, celebrada el 8 de julio de 2023, tambi\u00e9n permiti\u00f3 que la vida formal de la asociaci\u00f3n tomara realmente forma.\n<\/p><\/div><\/div>\t\t\t\t<\/div>\n\t\t\t\t<\/div>\n\t\t\t\t<div class=\"elementor-element elementor-element-6ac26b2 elementor-widget elementor-widget-button\" data-id=\"6ac26b2\" data-element_type=\"widget\" data-e-type=\"widget\" data-widget_type=\"button.default\">\n\t\t\t\t<div class=\"elementor-widget-container\">\n\t\t\t\t\t\t\t\t\t<div class=\"elementor-button-wrapper\">\n\t\t\t\t\t<a class=\"elementor-button elementor-button-link elementor-size-sm\" href=\"http:\/\/menschendecuba.de\/wp-content\/uploads\/2024\/08\/20240620_Jahresbericht_MenschenDeCuba_2023.pdf\" target=\"_blank\">\n\t\t\t\t\t\t<span class=\"elementor-button-content-wrapper\">\n\t\t\t\t\t\t\t\t\t<span class=\"elementor-button-text\">Ver<\/span>\n\t\t\t\t\t<\/span>\n\t\t\t\t\t<\/a>\n\t\t\t\t<\/div>\n\t\t\t\t\t\t\t\t<\/div>\n\t\t\t\t<\/div>\n\t\t\t\t\t<\/div>\n\t\t<\/div>\n\t\t\t\t\t<\/div>\n\t\t<\/section>\n\t\t\t\t\t<\/div>\n\t\t<\/div>\n\t\t\t\t\t<\/div>\n\t\t<\/section>\n\t\t\t\t<section class=\"elementor-section elementor-top-section elementor-element elementor-element-edd1573 elementor-section-boxed elementor-section-height-default elementor-section-height-default\" data-id=\"edd1573\" data-element_type=\"section\" data-e-type=\"section\">\n\t\t\t\t\t\t<div class=\"elementor-container elementor-column-gap-default\">\n\t\t\t\t\t<div class=\"elementor-column elementor-col-100 elementor-top-column elementor-element elementor-element-f753398\" data-id=\"f753398\" data-element_type=\"column\" data-e-type=\"column\">\n\t\t\t<div class=\"elementor-widget-wrap elementor-element-populated\">\n\t\t\t\t\t\t<div class=\"elementor-element elementor-element-a02d33f elementor-widget elementor-widget-text-editor\" data-id=\"a02d33f\" data-element_type=\"widget\" data-e-type=\"widget\" data-widget_type=\"text-editor.default\">\n\t\t\t\t<div class=\"elementor-widget-container\">\n\t\t\t\t\t\t\t\t\t<h2 style=\"text-align: center;\"><strong>Nuestros Folletos<\/strong><\/h2>\n<p>La llamada Revoluci\u00f3n Cubana de 1959 fue aclamada durante mucho tiempo como modelo de cambio social en Am\u00e9rica Latina. Sin embargo, ya en los primeros a\u00f1os de la revoluci\u00f3n, en pleno apogeo del entusiasmo mundial por Cuba, se hicieron patentes los esfuerzos autoritarios y el comportamiento dictatorial que violaban masivamente los derechos humanos.<\/p>\n<p><br><\/p>\n<p>Nuestros folletos s\u00f3lo est\u00e1n disponibles en alem\u00e1n y pretenden desmontar&nbsp;<span style=\"color: var( --e-global-color-text ); font-family: var( --e-global-typography-text-font-family ), Sans-serif; font-size: var( --e-global-typography-text-font-size ); font-style: var( --e-global-typography-text-font-style ); font-weight: var( --e-global-typography-text-font-weight ); letter-spacing: var( --e-global-typography-text-letter-spacing ); text-transform: var( --e-global-typography-text-text-transform );\">mitos&nbsp;<\/span><span style=\"color: var( --e-global-color-text ); font-family: var( --e-global-typography-text-font-family ), Sans-serif; font-size: var( --e-global-typography-text-font-size ); font-style: var( --e-global-typography-text-font-style ); font-weight: var( --e-global-typography-text-font-weight ); letter-spacing: var( --e-global-typography-text-letter-spacing ); text-transform: var( --e-global-typography-text-text-transform );\">que rodean a la llamada revoluci\u00f3n de la forma m\u00e1s resumida posible y presentar la dura realidad de Cuba desde la perspectiva del respeto a los derechos humanos.<\/span><\/p>\t\t\t\t\t\t\t\t<\/div>\n\t\t\t\t<\/div>\n\t\t\t\t\t<\/div>\n\t\t<\/div>\n\t\t\t\t\t<\/div>\n\t\t<\/section>\n\t\t\t\t<section class=\"elementor-section elementor-top-section elementor-element elementor-element-0b8433c elementor-section-boxed elementor-section-height-default elementor-section-height-default\" data-id=\"0b8433c\" data-element_type=\"section\" data-e-type=\"section\">\n\t\t\t\t\t\t<div class=\"elementor-container elementor-column-gap-default\">\n\t\t\t\t\t<div class=\"elementor-column elementor-col-20 elementor-top-column elementor-element elementor-element-9cf7468\" data-id=\"9cf7468\" data-element_type=\"column\" data-e-type=\"column\">\n\t\t\t<div class=\"elementor-widget-wrap elementor-element-populated\">\n\t\t\t\t\t\t<div class=\"elementor-element elementor-element-9cc1b49 elementor-widget elementor-widget-image\" data-id=\"9cc1b49\" data-element_type=\"widget\" data-e-type=\"widget\" data-widget_type=\"image.default\">\n\t\t\t\t<div class=\"elementor-widget-container\">\n\t\t\t\t\t\t\t\t\t\t\t\t\t\t\t<img loading=\"lazy\" decoding=\"async\" width=\"327\" height=\"677\" src=\"https:\/\/menschendecuba.de\/wp-content\/uploads\/2024\/08\/Flyer-Embargo-1.png\" class=\"attachment-large size-large wp-image-1993\" alt=\"\" srcset=\"https:\/\/menschendecuba.de\/wp-content\/uploads\/2024\/08\/Flyer-Embargo-1.png 327w, https:\/\/menschendecuba.de\/wp-content\/uploads\/2024\/08\/Flyer-Embargo-1-145x300.png 145w, https:\/\/menschendecuba.de\/wp-content\/uploads\/2024\/08\/Flyer-Embargo-1-6x12.png 6w\" sizes=\"(max-width: 327px) 100vw, 327px\" style=\"width:100%;height:207.03%;max-width:327px\" \/>\t\t\t\t\t\t\t\t\t\t\t\t\t\t\t<\/div>\n\t\t\t\t<\/div>\n\t\t\t\t<div class=\"elementor-element elementor-element-0ef344b elementor-widget elementor-widget-button\" data-id=\"0ef344b\" data-element_type=\"widget\" data-e-type=\"widget\" data-widget_type=\"button.default\">\n\t\t\t\t<div class=\"elementor-widget-container\">\n\t\t\t\t\t\t\t\t\t<div class=\"elementor-button-wrapper\">\n\t\t\t\t\t<a class=\"elementor-button elementor-button-link elementor-size-sm\" href=\"http:\/\/menschendecuba.de\/wp-content\/uploads\/2024\/08\/20221207_Flyer_Mythen-der-US-Blockade-gegen-Kuba-entkraeften_Flyer-1.pdf\" target=\"_blank\">\n\t\t\t\t\t\t<span class=\"elementor-button-content-wrapper\">\n\t\t\t\t\t\t\t\t\t<span class=\"elementor-button-text\">Ver<\/span>\n\t\t\t\t\t<\/span>\n\t\t\t\t\t<\/a>\n\t\t\t\t<\/div>\n\t\t\t\t\t\t\t\t<\/div>\n\t\t\t\t<\/div>\n\t\t\t\t<div class=\"elementor-element elementor-element-e27c6f8 elementor-widget elementor-widget-image\" data-id=\"e27c6f8\" data-element_type=\"widget\" data-e-type=\"widget\" data-widget_type=\"image.default\">\n\t\t\t\t<div class=\"elementor-widget-container\">\n\t\t\t\t\t\t\t\t\t\t\t\t\t\t\t<img loading=\"lazy\" decoding=\"async\" width=\"316\" height=\"675\" src=\"https:\/\/menschendecuba.de\/wp-content\/uploads\/2026\/01\/Deckblatt-Flyer-CHE.jpg\" class=\"attachment-large size-large wp-image-2210\" alt=\"\" srcset=\"https:\/\/menschendecuba.de\/wp-content\/uploads\/2026\/01\/Deckblatt-Flyer-CHE.jpg 316w, https:\/\/menschendecuba.de\/wp-content\/uploads\/2026\/01\/Deckblatt-Flyer-CHE-140x300.jpg 140w, https:\/\/menschendecuba.de\/wp-content\/uploads\/2026\/01\/Deckblatt-Flyer-CHE-6x12.jpg 6w\" sizes=\"(max-width: 316px) 100vw, 316px\" style=\"width:100%;height:213.61%;max-width:316px\" \/>\t\t\t\t\t\t\t\t\t\t\t\t\t\t\t<\/div>\n\t\t\t\t<\/div>\n\t\t\t\t<div class=\"elementor-element elementor-element-ec5848a elementor-widget elementor-widget-button\" data-id=\"ec5848a\" data-element_type=\"widget\" data-e-type=\"widget\" data-widget_type=\"button.default\">\n\t\t\t\t<div class=\"elementor-widget-container\">\n\t\t\t\t\t\t\t\t\t<div class=\"elementor-button-wrapper\">\n\t\t\t\t\t<a class=\"elementor-button elementor-button-link elementor-size-sm\" href=\"http:\/\/menschendecuba.de\/wp-content\/uploads\/2026\/01\/20230509_Flyer_Che_Nicht_Verjaehren-1.pdf\" target=\"_blank\">\n\t\t\t\t\t\t<span class=\"elementor-button-content-wrapper\">\n\t\t\t\t\t\t\t\t\t<span class=\"elementor-button-text\">Ver<\/span>\n\t\t\t\t\t<\/span>\n\t\t\t\t\t<\/a>\n\t\t\t\t<\/div>\n\t\t\t\t\t\t\t\t<\/div>\n\t\t\t\t<\/div>\n\t\t\t\t\t<\/div>\n\t\t<\/div>\n\t\t\t\t<div class=\"elementor-column elementor-col-20 elementor-top-column elementor-element elementor-element-45ac91e\" data-id=\"45ac91e\" data-element_type=\"column\" data-e-type=\"column\">\n\t\t\t<div class=\"elementor-widget-wrap elementor-element-populated\">\n\t\t\t\t\t\t<div class=\"elementor-element elementor-element-9b03bc1 elementor-widget elementor-widget-image\" data-id=\"9b03bc1\" data-element_type=\"widget\" data-e-type=\"widget\" data-widget_type=\"image.default\">\n\t\t\t\t<div class=\"elementor-widget-container\">\n\t\t\t\t\t\t\t\t\t\t\t\t\t\t\t<img loading=\"lazy\" decoding=\"async\" width=\"446\" height=\"941\" src=\"https:\/\/menschendecuba.de\/wp-content\/uploads\/2024\/08\/Flyer-jose-Marti.png\" class=\"attachment-large size-large wp-image-1991\" alt=\"\" srcset=\"https:\/\/menschendecuba.de\/wp-content\/uploads\/2024\/08\/Flyer-jose-Marti.png 446w, https:\/\/menschendecuba.de\/wp-content\/uploads\/2024\/08\/Flyer-jose-Marti-142x300.png 142w, https:\/\/menschendecuba.de\/wp-content\/uploads\/2024\/08\/Flyer-jose-Marti-6x12.png 6w\" sizes=\"(max-width: 446px) 100vw, 446px\" style=\"width:100%;height:210.99%;max-width:446px\" \/>\t\t\t\t\t\t\t\t\t\t\t\t\t\t\t<\/div>\n\t\t\t\t<\/div>\n\t\t\t\t<div class=\"elementor-element elementor-element-91858ff elementor-widget elementor-widget-button\" data-id=\"91858ff\" data-element_type=\"widget\" data-e-type=\"widget\" data-widget_type=\"button.default\">\n\t\t\t\t<div class=\"elementor-widget-container\">\n\t\t\t\t\t\t\t\t\t<div class=\"elementor-button-wrapper\">\n\t\t\t\t\t<a class=\"elementor-button elementor-button-link elementor-size-sm\" href=\"http:\/\/menschendecuba.de\/wp-content\/uploads\/2024\/08\/20230110_Flyer_Jose-Marti_Held-Aller-Kubaner.pdf\" target=\"_blank\">\n\t\t\t\t\t\t<span class=\"elementor-button-content-wrapper\">\n\t\t\t\t\t\t\t\t\t<span class=\"elementor-button-text\">Ver<\/span>\n\t\t\t\t\t<\/span>\n\t\t\t\t\t<\/a>\n\t\t\t\t<\/div>\n\t\t\t\t\t\t\t\t<\/div>\n\t\t\t\t<\/div>\n\t\t\t\t\t<\/div>\n\t\t<\/div>\n\t\t\t\t<div class=\"elementor-column elementor-col-20 elementor-top-column elementor-element elementor-element-fb54469\" data-id=\"fb54469\" data-element_type=\"column\" data-e-type=\"column\">\n\t\t\t<div class=\"elementor-widget-wrap elementor-element-populated\">\n\t\t\t\t\t\t<div class=\"elementor-element elementor-element-60cded1 elementor-widget elementor-widget-image\" data-id=\"60cded1\" data-element_type=\"widget\" data-e-type=\"widget\" data-widget_type=\"image.default\">\n\t\t\t\t<div class=\"elementor-widget-container\">\n\t\t\t\t\t\t\t\t\t\t\t\t\t\t\t<img loading=\"lazy\" decoding=\"async\" width=\"461\" height=\"942\" src=\"https:\/\/menschendecuba.de\/wp-content\/uploads\/2024\/08\/Flyer-Politische-gefangene.png\" class=\"attachment-large size-large wp-image-2015\" alt=\"\" srcset=\"https:\/\/menschendecuba.de\/wp-content\/uploads\/2024\/08\/Flyer-Politische-gefangene.png 461w, https:\/\/menschendecuba.de\/wp-content\/uploads\/2024\/08\/Flyer-Politische-gefangene-147x300.png 147w, https:\/\/menschendecuba.de\/wp-content\/uploads\/2024\/08\/Flyer-Politische-gefangene-6x12.png 6w\" sizes=\"(max-width: 461px) 100vw, 461px\" style=\"width:100%;height:204.34%;max-width:461px\" \/>\t\t\t\t\t\t\t\t\t\t\t\t\t\t\t<\/div>\n\t\t\t\t<\/div>\n\t\t\t\t<div class=\"elementor-element elementor-element-65a09f9 elementor-widget elementor-widget-button\" data-id=\"65a09f9\" data-element_type=\"widget\" data-e-type=\"widget\" data-widget_type=\"button.default\">\n\t\t\t\t<div class=\"elementor-widget-container\">\n\t\t\t\t\t\t\t\t\t<div class=\"elementor-button-wrapper\">\n\t\t\t\t\t<a class=\"elementor-button elementor-button-link elementor-size-sm\" href=\"http:\/\/menschendecuba.de\/wp-content\/uploads\/2024\/08\/20230107_Flyer_Freiheit_politische_Gefangene.pdf\" target=\"_blank\">\n\t\t\t\t\t\t<span class=\"elementor-button-content-wrapper\">\n\t\t\t\t\t\t\t\t\t<span class=\"elementor-button-text\">Ver<\/span>\n\t\t\t\t\t<\/span>\n\t\t\t\t\t<\/a>\n\t\t\t\t<\/div>\n\t\t\t\t\t\t\t\t<\/div>\n\t\t\t\t<\/div>\n\t\t\t\t\t<\/div>\n\t\t<\/div>\n\t\t\t\t<div class=\"elementor-column elementor-col-20 elementor-top-column elementor-element elementor-element-1a000a7\" data-id=\"1a000a7\" data-element_type=\"column\" data-e-type=\"column\">\n\t\t\t<div class=\"elementor-widget-wrap elementor-element-populated\">\n\t\t\t\t\t\t<div class=\"elementor-element elementor-element-1b8d979 elementor-widget elementor-widget-image\" data-id=\"1b8d979\" data-element_type=\"widget\" data-e-type=\"widget\" data-widget_type=\"image.default\">\n\t\t\t\t<div class=\"elementor-widget-container\">\n\t\t\t\t\t\t\t\t\t\t\t\t\t\t\t<img loading=\"lazy\" decoding=\"async\" width=\"455\" height=\"944\" src=\"https:\/\/menschendecuba.de\/wp-content\/uploads\/2024\/08\/Krieg-Ukr-PCC.png\" class=\"attachment-large size-large wp-image-2023\" alt=\"\" srcset=\"https:\/\/menschendecuba.de\/wp-content\/uploads\/2024\/08\/Krieg-Ukr-PCC.png 455w, https:\/\/menschendecuba.de\/wp-content\/uploads\/2024\/08\/Krieg-Ukr-PCC-145x300.png 145w, https:\/\/menschendecuba.de\/wp-content\/uploads\/2024\/08\/Krieg-Ukr-PCC-6x12.png 6w\" sizes=\"(max-width: 455px) 100vw, 455px\" style=\"width:100%;height:207.47%;max-width:455px\" \/>\t\t\t\t\t\t\t\t\t\t\t\t\t\t\t<\/div>\n\t\t\t\t<\/div>\n\t\t\t\t<div class=\"elementor-element elementor-element-46d067e elementor-widget elementor-widget-button\" data-id=\"46d067e\" data-element_type=\"widget\" data-e-type=\"widget\" data-widget_type=\"button.default\">\n\t\t\t\t<div class=\"elementor-widget-container\">\n\t\t\t\t\t\t\t\t\t<div class=\"elementor-button-wrapper\">\n\t\t\t\t\t<a class=\"elementor-button elementor-button-link elementor-size-sm\" href=\"http:\/\/menschendecuba.de\/wp-content\/uploads\/2024\/08\/20221215_Flyer_Unterstuetzung-Kommunistische_Partei-fuer-Putins-Krieg.pdf\" target=\"_blank\">\n\t\t\t\t\t\t<span class=\"elementor-button-content-wrapper\">\n\t\t\t\t\t\t\t\t\t<span class=\"elementor-button-text\">Ver<\/span>\n\t\t\t\t\t<\/span>\n\t\t\t\t\t<\/a>\n\t\t\t\t<\/div>\n\t\t\t\t\t\t\t\t<\/div>\n\t\t\t\t<\/div>\n\t\t\t\t\t<\/div>\n\t\t<\/div>\n\t\t\t\t<div class=\"elementor-column elementor-col-20 elementor-top-column elementor-element elementor-element-8600726\" data-id=\"8600726\" data-element_type=\"column\" data-e-type=\"column\">\n\t\t\t<div class=\"elementor-widget-wrap elementor-element-populated\">\n\t\t\t\t\t\t<div class=\"elementor-element elementor-element-662b3a5 elementor-widget elementor-widget-image\" data-id=\"662b3a5\" data-element_type=\"widget\" data-e-type=\"widget\" data-widget_type=\"image.default\">\n\t\t\t\t<div class=\"elementor-widget-container\">\n\t\t\t\t\t\t\t\t\t\t\t\t\t\t\t<img loading=\"lazy\" decoding=\"async\" width=\"446\" height=\"942\" src=\"https:\/\/menschendecuba.de\/wp-content\/uploads\/2024\/08\/Flyer-notravel-to-Cuba.png\" class=\"attachment-large size-large wp-image-2035\" alt=\"\" srcset=\"https:\/\/menschendecuba.de\/wp-content\/uploads\/2024\/08\/Flyer-notravel-to-Cuba.png 446w, https:\/\/menschendecuba.de\/wp-content\/uploads\/2024\/08\/Flyer-notravel-to-Cuba-142x300.png 142w, https:\/\/menschendecuba.de\/wp-content\/uploads\/2024\/08\/Flyer-notravel-to-Cuba-6x12.png 6w\" sizes=\"(max-width: 446px) 100vw, 446px\" style=\"width:100%;height:211.21%;max-width:446px\" \/>\t\t\t\t\t\t\t\t\t\t\t\t\t\t\t<\/div>\n\t\t\t\t<\/div>\n\t\t\t\t<div class=\"elementor-element elementor-element-f561bdf elementor-widget elementor-widget-button\" data-id=\"f561bdf\" data-element_type=\"widget\" data-e-type=\"widget\" data-widget_type=\"button.default\">\n\t\t\t\t<div class=\"elementor-widget-container\">\n\t\t\t\t\t\t\t\t\t<div class=\"elementor-button-wrapper\">\n\t\t\t\t\t<a class=\"elementor-button elementor-button-link elementor-size-sm\" href=\"http:\/\/menschendecuba.de\/wp-content\/uploads\/2024\/08\/20240831_Flyer_NoTravelToCuba_DE.pdf\" target=\"_blank\">\n\t\t\t\t\t\t<span class=\"elementor-button-content-wrapper\">\n\t\t\t\t\t\t\t\t\t<span class=\"elementor-button-text\">Ver<\/span>\n\t\t\t\t\t<\/span>\n\t\t\t\t\t<\/a>\n\t\t\t\t<\/div>\n\t\t\t\t\t\t\t\t<\/div>\n\t\t\t\t<\/div>\n\t\t\t\t\t<\/div>\n\t\t<\/div>\n\t\t\t\t\t<\/div>\n\t\t<\/section>\n\t\t\t\t<section class=\"elementor-section elementor-top-section elementor-element elementor-element-d006b66 elementor-section-boxed elementor-section-height-default elementor-section-height-default\" data-id=\"d006b66\" data-element_type=\"section\" data-e-type=\"section\">\n\t\t\t\t\t\t<div class=\"elementor-container elementor-column-gap-default\">\n\t\t\t\t\t<div class=\"elementor-column elementor-col-20 elementor-top-column elementor-element elementor-element-3974592\" data-id=\"3974592\" data-element_type=\"column\" data-e-type=\"column\">\n\t\t\t<div class=\"elementor-widget-wrap\">\n\t\t\t\t\t\t\t<\/div>\n\t\t<\/div>\n\t\t\t\t<div class=\"elementor-column elementor-col-20 elementor-top-column elementor-element elementor-element-ed247b1\" data-id=\"ed247b1\" data-element_type=\"column\" data-e-type=\"column\">\n\t\t\t<div class=\"elementor-widget-wrap\">\n\t\t\t\t\t\t\t<\/div>\n\t\t<\/div>\n\t\t\t\t<div class=\"elementor-column elementor-col-20 elementor-top-column elementor-element elementor-element-d4c218e\" data-id=\"d4c218e\" data-element_type=\"column\" data-e-type=\"column\">\n\t\t\t<div class=\"elementor-widget-wrap\">\n\t\t\t\t\t\t\t<\/div>\n\t\t<\/div>\n\t\t\t\t<div class=\"elementor-column elementor-col-20 elementor-top-column elementor-element elementor-element-3252313\" data-id=\"3252313\" data-element_type=\"column\" data-e-type=\"column\">\n\t\t\t<div class=\"elementor-widget-wrap\">\n\t\t\t\t\t\t\t<\/div>\n\t\t<\/div>\n\t\t\t\t<div class=\"elementor-column elementor-col-20 elementor-top-column elementor-element elementor-element-3a3215d\" data-id=\"3a3215d\" data-element_type=\"column\" data-e-type=\"column\">\n\t\t\t<div class=\"elementor-widget-wrap\">\n\t\t\t\t\t\t\t<\/div>\n\t\t<\/div>\n\t\t\t\t\t<\/div>\n\t\t<\/section>\n\t\t\t\t<\/div>","protected":false},"excerpt":{"rendered":"<p>Informationen Hier sehen Sie eine \u00dcbersicht von allen relevanten Informationen unseres Vereins Kurzvorstellung Mit dieser Kurvorstellung der Vereinigung Kubanischer B\u00fcrger in Deutschland f\u00fcr Demokratie und Menschenrechte: \u201eMenschenDeCuba\u201c e.V., wollen wir dich mit den wichtigsten Eckdaten des Vereins vertraut machen. Lerne uns kennen, wir freuen uns! Ansehen Satzung Die Satzung stellt das Herz des Vereins MenschenDeCuba&hellip; <a class=\"more-link\" href=\"https:\/\/menschendecuba.de\/es\/informationen\/\">Seguir leyendo <span class=\"screen-reader-text\">Informaci\u00f3n<\/span><\/a><\/p>","protected":false},"author":1,"featured_media":0,"parent":0,"menu_order":0,"comment_status":"closed","ping_status":"closed","template":"elementor_header_footer","meta":{"footnotes":""},"class_list":["post-327","page","type-page","status-publish","hentry","entry"],"_links":{"self":[{"href":"https:\/\/menschendecuba.de\/es\/wp-json\/wp\/v2\/pages\/327","targetHints":{"allow":["GET"]}}],"collection":[{"href":"https:\/\/menschendecuba.de\/es\/wp-json\/wp\/v2\/pages"}],"about":[{"href":"https:\/\/menschendecuba.de\/es\/wp-json\/wp\/v2\/types\/page"}],"author":[{"embeddable":true,"href":"https:\/\/menschendecuba.de\/es\/wp-json\/wp\/v2\/users\/1"}],"replies":[{"embeddable":true,"href":"https:\/\/menschendecuba.de\/es\/wp-json\/wp\/v2\/comments?post=327"}],"version-history":[{"count":6,"href":"https:\/\/menschendecuba.de\/es\/wp-json\/wp\/v2\/pages\/327\/revisions"}],"predecessor-version":[{"id":2219,"href":"https:\/\/menschendecuba.de\/es\/wp-json\/wp\/v2\/pages\/327\/revisions\/2219"}],"wp:attachment":[{"href":"https:\/\/menschendecuba.de\/es\/wp-json\/wp\/v2\/media?parent=327"}],"curies":[{"name":"wp","href":"https:\/\/api.w.org\/{rel}","templated":true}]}}